{"nbFiches":1,"dataPrest":{"infoPrest":{"pave1":{"libelle":"Descriptif","contenu":"","fichiers":[]},"pave2":{"libelle":"Descriptif (site web)","contenu":"","fichiers":[]},"pave3":{"libelle":"","contenu":""},"pave4":{"libelle":"","contenu":""},"pave5":{"libelle":"","contenu":""},"pave6":{"libelle":"","contenu":""},"pave7":{"libelle":"","contenu":""},"pave8":{"libelle":"","contenu":""},"pave9":{"libelle":"","contenu":""},"pave10":{"libelle":"","contenu":""},"pave11":{"libelle":"","contenu":""},"pave12":{"libelle":"","contenu":""},"pave13":{"libelle":"","contenu":""},"pave14":{"libelle":"","contenu":""},"pave15":{"libelle":"","contenu":""},"pave16":{"libelle":"","contenu":""},"pave17":{"libelle":"","contenu":""},"pave18":{"libelle":"","contenu":""},"pave19":{"libelle":"","contenu":""},"pave20":{"libelle":"","contenu":""},"pave21":{"libelle":"","contenu":""},"pave22":{"libelle":"","contenu":""},"pave23":{"libelle":"","contenu":""},"pave24":{"libelle":"","contenu":""},"pave25":{"libelle":"","contenu":""},"Libelle":"Apartamento 6 persone Or\u00e9e du Bois 922 B","Reference":"","Reftar":"","Type":"PRESTATION","TypePrestataire":"G","ContexteStat":"PRESTATION-G-PORTET-PORTET","DateModificationIso":"2024-11-14T11:37:00+01:00","Adresse":{"LigneAdresse1":"B\u00e2timent l'Or\u00e9e du Bois B","LigneAdresse2":"568 rue des pinatiaux","LigneAdresse3":"Les chalps","CodePostal":"05600","Ville":"RISOUL","Cedex":"","Etat":"","Pays":"FRA"},"Id":"g-portet-portet","Code":"G|PORTET|PORTET","Cle":"G|PORTET|PORTET","Url":"apartamento-6-persone-oree-du-bois-922-b-risoul.html","Localisation":{"GoogleMap":{"Latitude":"44.62171","Longitude":"6.63753"}},"ZoneGeo":"","Criteres":{"GRESA[GLISTH":"","GTYPRE[GAPPTR":"","GTYPAP[G2PIEC":"","GTYPAP[NONFUM":"","ENREGISTRMENT[NUMERENREGISTREMENT":"05119 0000160 H7","GSUPER[GSUPTO":"40","GRESID[OREE":"","ETAGE[9ETAGE":"","GASCEN[GASCEN":"","GBALCO[GBALCO":"","GEXPOS[GEXSUD":"","GEXPOS[VUEPISTES":"","ZONEGEO[FRPAHARISTATT":"","GDISCE[SKIPIE":"","GDISCE[G1ISAL":"100","GDISCE[GESF":"100","GDISCE[GSHOP":"200","GDISCE[CRECHEDISTANCE":"100","GDISCE[PROGAR":"300","GDISCE[G4ISAH":"300","GDISCE[QUTRA":"","GCUISI[GCOINC":"","GEQUCU[GQRIGA":"","GEQUCU[GEQVIT":"","GEQUCU[GEQCOM":"","GEQUCU[GQAVEV":"","GEQUCU[GFOURO":"","GEQUCU[MACHINECAFE":"","GEQUCU[BOUILLOIRE":"","GEQUCU[GRILLEPAIN":"","GEQUCU[FREEZER":"","GEQUCU[MIXEURBLENDER":"","GSEJOU[MOQUETTE":"","GSEJOU[CLICCLAC":"140 cm","GCOINM[G2LSUP":"1x90","GCHAM1[GC1122":"1x140","GCHAM1[GCH1MO":"","GCHAM2[TIROIR":"gigogne 1x90","GMEZZA[GM1L2P":"140 cm","GMEZZA[CLICCLAC":"140 cm","GSDB1[G1BWCI":"1","GSDB1[GSBBDW":"","GWC[GWCIND":"1","GEQSAN[LAVELINGESECHANT":"","GEQSAN[SECHECHEVEUX":"","GEQLOI[TVPLAT":"1","GEQLOI[DVDUSB":"","GEQLOI[G2QLCS":"","GNOTE1[DRAPNF":"","GNOTE1[RACLETTE":"","GNOTE1[APPAREILFONDU":"","GNOTE1[TABLEFER":"","GNOTE1[JEUX":"","GANIMA[GANIMR":"","GMENA[GMENEF":"","PRIXTC[FEVENFANT":"","VAC[WVAC":"","VAC[WLOCVAC":"","GPIECES[2PIECES":"","EQUIPEMENTS[EXPOSITIONSUD":"","EQUIPEMENTS[LAVEVAISSELLE":"","EQUIPEMENTS[NONFUMEUR":"","DISTANCEPISTES[SKIAUXPIEDS":"","EQUIEMENTSPLUS[RADIATIEURS":"install\u00e9s en 2016","EQUIEMENTSPLUS[VERRESVIN":"","EQUIEMENTSPLUS[FLUTES":"","EQUIEMENTSPLUS[VITRAGE":"en 2017","LITERIE[MATELAS":"S\u00e9jour & coin nuit : chang\u00e9s entre 5 et 10 ans. Mezzanine : chang\u00e9s il y a moins de 5 ans.","GORDRE[RISOULNOCLASSE":""},"Prestataire":{"pave1":{"libelle":"","contenu":""},"pave2":{"libelle":"","contenu":""},"pave3":{"libelle":"","contenu":""},"pave4":{"libelle":"","contenu":""},"pave5":{"libelle":"","contenu":""},"pave6":{"libelle":"","contenu":""},"pave7":{"libelle":"","contenu":""},"pave8":{"libelle":"","contenu":""},"pave9":{"libelle":"","contenu":""},"pave10":{"libelle":"","contenu":""},"pave11":{"libelle":"","contenu":""},"pave12":{"libelle":"","contenu":""},"pave13":{"libelle":"","contenu":""},"pave14":{"libelle":"","contenu":""},"pave15":{"libelle":"","contenu":""},"pave16":{"libelle":"","contenu":""},"pave17":{"libelle":"","contenu":""},"pave18":{"libelle":"","contenu":""},"pave19":{"libelle":"","contenu":""},"pave20":{"libelle":"","contenu":""},"pave21":{"libelle":"","contenu":""},"pave22":{"libelle":"","contenu":""},"pave23":{"libelle":"","contenu":""},"pave24":{"libelle":"","contenu":""},"pave25":{"libelle":"","contenu":""},"Libelle":"M PORTET HUBERT","Nom":"PORTET","Prenom":"HUBERT","NomPrenom":"PORTET HUBERT ","CiviliteNomPrenom":"M PORTET HUBERT ","Cle":"G|PORTET","PrestataireParent":"","ContexteStat":"PRESTATAIRE-G-PORTET","DateModificationIso":"2023-02-27T11:25:00+01:00","CiviliteLibelleNomPrenom":"Monsieur PORTET HUBERT ","Type":"PRESTATAIRE","TypePrestataire":"G","Adresse":{"LigneAdresse1":"9 Vallon de la Violette","LigneAdresse2":"","LigneAdresse3":"","CodePostal":"13820","Ville":"ENSUES LA REDONNE","Cedex":"","Etat":"","Pays":"FRA"},"Email":"hubert.portet@wanadoo.fr","Telephone":"04 42 45 97 11","TelephoneBureau":"","Portable":"06 12 05 89 73","SiteWeb":"","Fax":"","Id":"g-portet","Code":"G|PORTET","Fichier":[],"Url":"","Localisation":{"GoogleMap":{"Latitude":"","Longitude":""}},"ZoneGeo":"","Criteres":{"ITYPE[IPARTI":""},"DateFinPublication":""},"Fichier":{"Image":[{"url":"https:\/\/www.risoul.com\/medias\/images\/prestations\/risoul-hebergement-portet-balcon-10941.jpg","chemin":"..\/medias\/images\/prestations\/risoul-hebergement-portet-balcon-10941.jpg","libelle":"risoul-hebergement-portet-balcon-10941","extension":"jpg","categorie":"","largeur":500,"theme":"","hauteur":375,"type":"Image","origine":"","liaisonPave":"","langue":"","id":"10941","urlVignette":"https:\/\/www.risoul.com\/medias\/images\/prestations\/v-risoul-hebergement-portet-balcon-10941.jpg","alt":"risoul-hebergement-portet-balcon-10941","title":"risoul-hebergement-portet-balcon-10941","MultiTaille":{"1920x1440":{"url":"https:\/\/www.risoul.com\/medias\/images\/prestations\/multitailles\/1920x1440_risoul-hebergement-portet-balcon-10941.jpg"},"1200x900":{"url":"https:\/\/www.risoul.com\/medias\/images\/prestations\/multitailles\/1200x900_risoul-hebergement-portet-balcon-10941.jpg"},"800x600":{"url":"https:\/\/www.risoul.com\/medias\/images\/prestations\/multitailles\/800x600_risoul-hebergement-portet-balcon-10941.jpg"},"640x480":{"url":"https:\/\/www.risoul.com\/medias\/images\/prestations\/multitailles\/640x480_risoul-hebergement-portet-balcon-10941.jpg"},"320x240":{"url":"https:\/\/www.risoul.com\/medias\/images\/prestations\/multitailles\/320x240_risoul-hebergement-portet-balcon-10941.jpg"},"160x120":{"url":"https:\/\/www.risoul.com\/medias\/images\/prestations\/multitailles\/160x120_risoul-hebergement-portet-balcon-10941.jpg"},"origine":{"url":"https:\/\/www.risoul.com\/medias\/images\/prestations\/risoul-hebergement-portet-balcon-10941.jpg"}},"urlLien":"","typeLien":"","nofollow":"N","copyright":""},{"url":"https:\/\/www.risoul.com\/medias\/images\/prestations\/risoul-hebergement-portet-cuine-10943.jpg","chemin":"..\/medias\/images\/prestations\/risoul-hebergement-portet-cuine-10943.jpg","libelle":"risoul-hebergement-portet-cuine-10943","extension":"jpg","categorie":"","largeur":500,"theme":"","hauteur":375,"type":"Image","origine":"","liaisonPave":"","langue":"","id":"10943","urlVignette":"https:\/\/www.risoul.com\/medias\/images\/prestations\/v-risoul-hebergement-portet-cuine-10943.jpg","alt":"risoul-hebergement-portet-cuine-10943","title":"risoul-hebergement-portet-cuine-10943","MultiTaille":{"1920x1440":{"url":"https:\/\/www.risoul.com\/medias\/images\/prestations\/multitailles\/1920x1440_risoul-hebergement-portet-cuine-10943.jpg"},"1200x900":{"url":"https:\/\/www.risoul.com\/medias\/images\/prestations\/multitailles\/1200x900_risoul-hebergement-portet-cuine-10943.jpg"},"800x600":{"url":"https:\/\/www.risoul.com\/medias\/images\/prestations\/multitailles\/800x600_risoul-hebergement-portet-cuine-10943.jpg"},"640x480":{"url":"https:\/\/www.risoul.com\/medias\/images\/prestations\/multitailles\/640x480_risoul-hebergement-portet-cuine-10943.jpg"},"320x240":{"url":"https:\/\/www.risoul.com\/medias\/images\/prestations\/multitailles\/320x240_risoul-hebergement-portet-cuine-10943.jpg"},"160x120":{"url":"https:\/\/www.risoul.com\/medias\/images\/prestations\/multitailles\/160x120_risoul-hebergement-portet-cuine-10943.jpg"},"origine":{"url":"https:\/\/www.risoul.com\/medias\/images\/prestations\/risoul-hebergement-portet-cuine-10943.jpg"}},"urlLien":"","typeLien":"","nofollow":"N","copyright":""},{"url":"https:\/\/www.risoul.com\/medias\/images\/prestations\/risoul-hebergement-portet-oree-du-bois-10944.jpg","chemin":"..\/medias\/images\/prestations\/risoul-hebergement-portet-oree-du-bois-10944.jpg","libelle":"risoul-hebergement-portet-oree-du-bois-10944","extension":"jpg","categorie":"","largeur":500,"theme":"","hauteur":375,"type":"Image","origine":"","liaisonPave":"","langue":"","id":"10944","urlVignette":"https:\/\/www.risoul.com\/medias\/images\/prestations\/v-risoul-hebergement-portet-oree-du-bois-10944.jpg","alt":"risoul-hebergement-portet-oree-du-bois-10944","title":"risoul-hebergement-portet-oree-du-bois-10944","MultiTaille":{"1920x1440":{"url":"https:\/\/www.risoul.com\/medias\/images\/prestations\/multitailles\/1920x1440_risoul-hebergement-portet-oree-du-bois-10944.jpg"},"1200x900":{"url":"https:\/\/www.risoul.com\/medias\/images\/prestations\/multitailles\/1200x900_risoul-hebergement-portet-oree-du-bois-10944.jpg"},"800x600":{"url":"https:\/\/www.risoul.com\/medias\/images\/prestations\/multitailles\/800x600_risoul-hebergement-portet-oree-du-bois-10944.jpg"},"640x480":{"url":"https:\/\/www.risoul.com\/medias\/images\/prestations\/multitailles\/640x480_risoul-hebergement-portet-oree-du-bois-10944.jpg"},"320x240":{"url":"https:\/\/www.risoul.com\/medias\/images\/prestations\/multitailles\/320x240_risoul-hebergement-portet-oree-du-bois-10944.jpg"},"160x120":{"url":"https:\/\/www.risoul.com\/medias\/images\/prestations\/multitailles\/160x120_risoul-hebergement-portet-oree-du-bois-10944.jpg"},"origine":{"url":"https:\/\/www.risoul.com\/medias\/images\/prestations\/risoul-hebergement-portet-oree-du-bois-10944.jpg"}},"urlLien":"","typeLien":"","nofollow":"N","copyright":""},{"url":"https:\/\/www.risoul.com\/medias\/images\/prestations\/risoul-hebergement-portet-salle-de-bains-10945.jpg","chemin":"..\/medias\/images\/prestations\/risoul-hebergement-portet-salle-de-bains-10945.jpg","libelle":"risoul-hebergement-portet-salle-de-bains-10945","extension":"jpg","categorie":"","largeur":500,"theme":"","hauteur":375,"type":"Image","origine":"","liaisonPave":"","langue":"","id":"10945","urlVignette":"https:\/\/www.risoul.com\/medias\/images\/prestations\/v-risoul-hebergement-portet-salle-de-bains-10945.jpg","alt":"risoul-hebergement-portet-salle-de-bains-10945","title":"risoul-hebergement-portet-salle-de-bains-10945","MultiTaille":{"1920x1440":{"url":"https:\/\/www.risoul.com\/medias\/images\/prestations\/multitailles\/1920x1440_risoul-hebergement-portet-salle-de-bains-10945.jpg"},"1200x900":{"url":"https:\/\/www.risoul.com\/medias\/images\/prestations\/multitailles\/1200x900_risoul-hebergement-portet-salle-de-bains-10945.jpg"},"800x600":{"url":"https:\/\/www.risoul.com\/medias\/images\/prestations\/multitailles\/800x600_risoul-hebergement-portet-salle-de-bains-10945.jpg"},"640x480":{"url":"https:\/\/www.risoul.com\/medias\/images\/prestations\/multitailles\/640x480_risoul-hebergement-portet-salle-de-bains-10945.jpg"},"320x240":{"url":"https:\/\/www.risoul.com\/medias\/images\/prestations\/multitailles\/320x240_risoul-hebergement-portet-salle-de-bains-10945.jpg"},"160x120":{"url":"https:\/\/www.risoul.com\/medias\/images\/prestations\/multitailles\/160x120_risoul-hebergement-portet-salle-de-bains-10945.jpg"},"origine":{"url":"https:\/\/www.risoul.com\/medias\/images\/prestations\/risoul-hebergement-portet-salle-de-bains-10945.jpg"}},"urlLien":"","typeLien":"","nofollow":"N","copyright":""},{"url":"https:\/\/www.risoul.com\/medias\/images\/prestations\/risoul-hebergement-portet-oree-du-bois-ete-10946.jpg","chemin":"..\/medias\/images\/prestations\/risoul-hebergement-portet-oree-du-bois-ete-10946.jpg","libelle":"risoul-hebergement-portet-oree-du-bois-ete-10946","extension":"jpg","categorie":"","largeur":500,"theme":"","hauteur":375,"type":"Image","origine":"","liaisonPave":"","langue":"","id":"10946","urlVignette":"https:\/\/www.risoul.com\/medias\/images\/prestations\/v-risoul-hebergement-portet-oree-du-bois-ete-10946.jpg","alt":"risoul-hebergement-portet-oree-du-bois-ete-10946","title":"risoul-hebergement-portet-oree-du-bois-ete-10946","MultiTaille":{"1920x1440":{"url":"https:\/\/www.risoul.com\/medias\/images\/prestations\/multitailles\/1920x1440_risoul-hebergement-portet-oree-du-bois-ete-10946.jpg"},"1200x900":{"url":"https:\/\/www.risoul.com\/medias\/images\/prestations\/multitailles\/1200x900_risoul-hebergement-portet-oree-du-bois-ete-10946.jpg"},"800x600":{"url":"https:\/\/www.risoul.com\/medias\/images\/prestations\/multitailles\/800x600_risoul-hebergement-portet-oree-du-bois-ete-10946.jpg"},"640x480":{"url":"https:\/\/www.risoul.com\/medias\/images\/prestations\/multitailles\/640x480_risoul-hebergement-portet-oree-du-bois-ete-10946.jpg"},"320x240":{"url":"https:\/\/www.risoul.com\/medias\/images\/prestations\/multitailles\/320x240_risoul-hebergement-portet-oree-du-bois-ete-10946.jpg"},"160x120":{"url":"https:\/\/www.risoul.com\/medias\/images\/prestations\/multitailles\/160x120_risoul-hebergement-portet-oree-du-bois-ete-10946.jpg"},"origine":{"url":"https:\/\/www.risoul.com\/medias\/images\/prestations\/risoul-hebergement-portet-oree-du-bois-ete-10946.jpg"}},"urlLien":"","typeLien":"","nofollow":"N","copyright":""},{"url":"https:\/\/www.risoul.com\/medias\/images\/prestations\/risoul-hebergement-portet-sejour2-10947.jpg","chemin":"..\/medias\/images\/prestations\/risoul-hebergement-portet-sejour2-10947.jpg","libelle":"risoul-hebergement-portet-sejour2-10947","extension":"jpg","categorie":"","largeur":500,"theme":"","hauteur":375,"type":"Image","origine":"","liaisonPave":"","langue":"","id":"10947","urlVignette":"https:\/\/www.risoul.com\/medias\/images\/prestations\/v-risoul-hebergement-portet-sejour2-10947.jpg","alt":"risoul-hebergement-portet-sejour2-10947","title":"risoul-hebergement-portet-sejour2-10947","MultiTaille":{"1920x1440":{"url":"https:\/\/www.risoul.com\/medias\/images\/prestations\/multitailles\/1920x1440_risoul-hebergement-portet-sejour2-10947.jpg"},"1200x900":{"url":"https:\/\/www.risoul.com\/medias\/images\/prestations\/multitailles\/1200x900_risoul-hebergement-portet-sejour2-10947.jpg"},"800x600":{"url":"https:\/\/www.risoul.com\/medias\/images\/prestations\/multitailles\/800x600_risoul-hebergement-portet-sejour2-10947.jpg"},"640x480":{"url":"https:\/\/www.risoul.com\/medias\/images\/prestations\/multitailles\/640x480_risoul-hebergement-portet-sejour2-10947.jpg"},"320x240":{"url":"https:\/\/www.risoul.com\/medias\/images\/prestations\/multitailles\/320x240_risoul-hebergement-portet-sejour2-10947.jpg"},"160x120":{"url":"https:\/\/www.risoul.com\/medias\/images\/prestations\/multitailles\/160x120_risoul-hebergement-portet-sejour2-10947.jpg"},"origine":{"url":"https:\/\/www.risoul.com\/medias\/images\/prestations\/risoul-hebergement-portet-sejour2-10947.jpg"}},"urlLien":"","typeLien":"","nofollow":"N","copyright":""},{"url":"https:\/\/www.risoul.com\/medias\/images\/prestations\/risoul-hebergement-portet-sejour-10948.jpg","chemin":"..\/medias\/images\/prestations\/risoul-hebergement-portet-sejour-10948.jpg","libelle":"risoul-hebergement-portet-sejour-10948","extension":"jpg","categorie":"","largeur":500,"theme":"","hauteur":375,"type":"Image","origine":"","liaisonPave":"","langue":"","id":"10948","urlVignette":"https:\/\/www.risoul.com\/medias\/images\/prestations\/v-risoul-hebergement-portet-sejour-10948.jpg","alt":"risoul-hebergement-portet-sejour-10948","title":"risoul-hebergement-portet-sejour-10948","MultiTaille":{"1920x1440":{"url":"https:\/\/www.risoul.com\/medias\/images\/prestations\/multitailles\/1920x1440_risoul-hebergement-portet-sejour-10948.jpg"},"1200x900":{"url":"https:\/\/www.risoul.com\/medias\/images\/prestations\/multitailles\/1200x900_risoul-hebergement-portet-sejour-10948.jpg"},"800x600":{"url":"https:\/\/www.risoul.com\/medias\/images\/prestations\/multitailles\/800x600_risoul-hebergement-portet-sejour-10948.jpg"},"640x480":{"url":"https:\/\/www.risoul.com\/medias\/images\/prestations\/multitailles\/640x480_risoul-hebergement-portet-sejour-10948.jpg"},"320x240":{"url":"https:\/\/www.risoul.com\/medias\/images\/prestations\/multitailles\/320x240_risoul-hebergement-portet-sejour-10948.jpg"},"160x120":{"url":"https:\/\/www.risoul.com\/medias\/images\/prestations\/multitailles\/160x120_risoul-hebergement-portet-sejour-10948.jpg"},"origine":{"url":"https:\/\/www.risoul.com\/medias\/images\/prestations\/risoul-hebergement-portet-sejour-10948.jpg"}},"urlLien":"","typeLien":"","nofollow":"N","copyright":""},{"url":"https:\/\/www.risoul.com\/medias\/images\/prestations\/risoul-hebergement-meuble-portet-oree-du-bois-mezzanine-11789.jpg","chemin":"..\/medias\/images\/prestations\/risoul-hebergement-meuble-portet-oree-du-bois-mezzanine-11789.jpg","libelle":"risoul-hebergement-meuble-portet-oree-du-bois-mezzanine-11789","extension":"jpg","categorie":"","largeur":500,"theme":"","hauteur":375,"type":"Image","origine":"","liaisonPave":"","langue":"","id":"11789","urlVignette":"https:\/\/www.risoul.com\/medias\/images\/prestations\/v-risoul-hebergement-meuble-portet-oree-du-bois-mezzanine-11789.jpg","alt":"risoul-hebergement-meuble-portet-oree-du-bois-mezzanine-11789","title":"risoul-hebergement-meuble-portet-oree-du-bois-mezzanine-11789","MultiTaille":{"1920x1440":{"url":"https:\/\/www.risoul.com\/medias\/images\/prestations\/multitailles\/1920x1440_risoul-hebergement-meuble-portet-oree-du-bois-mezzanine-11789.jpg"},"1200x900":{"url":"https:\/\/www.risoul.com\/medias\/images\/prestations\/multitailles\/1200x900_risoul-hebergement-meuble-portet-oree-du-bois-mezzanine-11789.jpg"},"800x600":{"url":"https:\/\/www.risoul.com\/medias\/images\/prestations\/multitailles\/800x600_risoul-hebergement-meuble-portet-oree-du-bois-mezzanine-11789.jpg"},"640x480":{"url":"https:\/\/www.risoul.com\/medias\/images\/prestations\/multitailles\/640x480_risoul-hebergement-meuble-portet-oree-du-bois-mezzanine-11789.jpg"},"320x240":{"url":"https:\/\/www.risoul.com\/medias\/images\/prestations\/multitailles\/320x240_risoul-hebergement-meuble-portet-oree-du-bois-mezzanine-11789.jpg"},"160x120":{"url":"https:\/\/www.risoul.com\/medias\/images\/prestations\/multitailles\/160x120_risoul-hebergement-meuble-portet-oree-du-bois-mezzanine-11789.jpg"},"origine":{"url":"https:\/\/www.risoul.com\/medias\/images\/prestations\/risoul-hebergement-meuble-portet-oree-du-bois-mezzanine-11789.jpg"}},"urlLien":"","typeLien":"","nofollow":"N","copyright":""}],"ByCategorie":{"":[{"url":"https:\/\/www.risoul.com\/medias\/images\/prestations\/risoul-hebergement-portet-balcon-10941.jpg","chemin":"..\/medias\/images\/prestations\/risoul-hebergement-portet-balcon-10941.jpg","libelle":"risoul-hebergement-portet-balcon-10941","extension":"jpg","categorie":"","largeur":500,"theme":"","hauteur":375,"type":"Image","origine":"","liaisonPave":"","langue":"","id":"10941","urlVignette":"https:\/\/www.risoul.com\/medias\/images\/prestations\/v-risoul-hebergement-portet-balcon-10941.jpg","alt":"risoul-hebergement-portet-balcon-10941","title":"risoul-hebergement-portet-balcon-10941","MultiTaille":{"1920x1440":{"url":"https:\/\/www.risoul.com\/medias\/images\/prestations\/multitailles\/1920x1440_risoul-hebergement-portet-balcon-10941.jpg"},"1200x900":{"url":"https:\/\/www.risoul.com\/medias\/images\/prestations\/multitailles\/1200x900_risoul-hebergement-portet-balcon-10941.jpg"},"800x600":{"url":"https:\/\/www.risoul.com\/medias\/images\/prestations\/multitailles\/800x600_risoul-hebergement-portet-balcon-10941.jpg"},"640x480":{"url":"https:\/\/www.risoul.com\/medias\/images\/prestations\/multitailles\/640x480_risoul-hebergement-portet-balcon-10941.jpg"},"320x240":{"url":"https:\/\/www.risoul.com\/medias\/images\/prestations\/multitailles\/320x240_risoul-hebergement-portet-balcon-10941.jpg"},"160x120":{"url":"https:\/\/www.risoul.com\/medias\/images\/prestations\/multitailles\/160x120_risoul-hebergement-portet-balcon-10941.jpg"},"origine":{"url":"https:\/\/www.risoul.com\/medias\/images\/prestations\/risoul-hebergement-portet-balcon-10941.jpg"}},"urlLien":"","typeLien":"","nofollow":"N","copyright":""},{"url":"https:\/\/www.risoul.com\/medias\/images\/prestations\/risoul-hebergement-portet-cuine-10943.jpg","chemin":"..\/medias\/images\/prestations\/risoul-hebergement-portet-cuine-10943.jpg","libelle":"risoul-hebergement-portet-cuine-10943","extension":"jpg","categorie":"","largeur":500,"theme":"","hauteur":375,"type":"Image","origine":"","liaisonPave":"","langue":"","id":"10943","urlVignette":"https:\/\/www.risoul.com\/medias\/images\/prestations\/v-risoul-hebergement-portet-cuine-10943.jpg","alt":"risoul-hebergement-portet-cuine-10943","title":"risoul-hebergement-portet-cuine-10943","MultiTaille":{"1920x1440":{"url":"https:\/\/www.risoul.com\/medias\/images\/prestations\/multitailles\/1920x1440_risoul-hebergement-portet-cuine-10943.jpg"},"1200x900":{"url":"https:\/\/www.risoul.com\/medias\/images\/prestations\/multitailles\/1200x900_risoul-hebergement-portet-cuine-10943.jpg"},"800x600":{"url":"https:\/\/www.risoul.com\/medias\/images\/prestations\/multitailles\/800x600_risoul-hebergement-portet-cuine-10943.jpg"},"640x480":{"url":"https:\/\/www.risoul.com\/medias\/images\/prestations\/multitailles\/640x480_risoul-hebergement-portet-cuine-10943.jpg"},"320x240":{"url":"https:\/\/www.risoul.com\/medias\/images\/prestations\/multitailles\/320x240_risoul-hebergement-portet-cuine-10943.jpg"},"160x120":{"url":"https:\/\/www.risoul.com\/medias\/images\/prestations\/multitailles\/160x120_risoul-hebergement-portet-cuine-10943.jpg"},"origine":{"url":"https:\/\/www.risoul.com\/medias\/images\/prestations\/risoul-hebergement-portet-cuine-10943.jpg"}},"urlLien":"","typeLien":"","nofollow":"N","copyright":""},{"url":"https:\/\/www.risoul.com\/medias\/images\/prestations\/risoul-hebergement-portet-oree-du-bois-10944.jpg","chemin":"..\/medias\/images\/prestations\/risoul-hebergement-portet-oree-du-bois-10944.jpg","libelle":"risoul-hebergement-portet-oree-du-bois-10944","extension":"jpg","categorie":"","largeur":500,"theme":"","hauteur":375,"type":"Image","origine":"","liaisonPave":"","langue":"","id":"10944","urlVignette":"https:\/\/www.risoul.com\/medias\/images\/prestations\/v-risoul-hebergement-portet-oree-du-bois-10944.jpg","alt":"risoul-hebergement-portet-oree-du-bois-10944","title":"risoul-hebergement-portet-oree-du-bois-10944","MultiTaille":{"1920x1440":{"url":"https:\/\/www.risoul.com\/medias\/images\/prestations\/multitailles\/1920x1440_risoul-hebergement-portet-oree-du-bois-10944.jpg"},"1200x900":{"url":"https:\/\/www.risoul.com\/medias\/images\/prestations\/multitailles\/1200x900_risoul-hebergement-portet-oree-du-bois-10944.jpg"},"800x600":{"url":"https:\/\/www.risoul.com\/medias\/images\/prestations\/multitailles\/800x600_risoul-hebergement-portet-oree-du-bois-10944.jpg"},"640x480":{"url":"https:\/\/www.risoul.com\/medias\/images\/prestations\/multitailles\/640x480_risoul-hebergement-portet-oree-du-bois-10944.jpg"},"320x240":{"url":"https:\/\/www.risoul.com\/medias\/images\/prestations\/multitailles\/320x240_risoul-hebergement-portet-oree-du-bois-10944.jpg"},"160x120":{"url":"https:\/\/www.risoul.com\/medias\/images\/prestations\/multitailles\/160x120_risoul-hebergement-portet-oree-du-bois-10944.jpg"},"origine":{"url":"https:\/\/www.risoul.com\/medias\/images\/prestations\/risoul-hebergement-portet-oree-du-bois-10944.jpg"}},"urlLien":"","typeLien":"","nofollow":"N","copyright":""},{"url":"https:\/\/www.risoul.com\/medias\/images\/prestations\/risoul-hebergement-portet-salle-de-bains-10945.jpg","chemin":"..\/medias\/images\/prestations\/risoul-hebergement-portet-salle-de-bains-10945.jpg","libelle":"risoul-hebergement-portet-salle-de-bains-10945","extension":"jpg","categorie":"","largeur":500,"theme":"","hauteur":375,"type":"Image","origine":"","liaisonPave":"","langue":"","id":"10945","urlVignette":"https:\/\/www.risoul.com\/medias\/images\/prestations\/v-risoul-hebergement-portet-salle-de-bains-10945.jpg","alt":"risoul-hebergement-portet-salle-de-bains-10945","title":"risoul-hebergement-portet-salle-de-bains-10945","MultiTaille":{"1920x1440":{"url":"https:\/\/www.risoul.com\/medias\/images\/prestations\/multitailles\/1920x1440_risoul-hebergement-portet-salle-de-bains-10945.jpg"},"1200x900":{"url":"https:\/\/www.risoul.com\/medias\/images\/prestations\/multitailles\/1200x900_risoul-hebergement-portet-salle-de-bains-10945.jpg"},"800x600":{"url":"https:\/\/www.risoul.com\/medias\/images\/prestations\/multitailles\/800x600_risoul-hebergement-portet-salle-de-bains-10945.jpg"},"640x480":{"url":"https:\/\/www.risoul.com\/medias\/images\/prestations\/multitailles\/640x480_risoul-hebergement-portet-salle-de-bains-10945.jpg"},"320x240":{"url":"https:\/\/www.risoul.com\/medias\/images\/prestations\/multitailles\/320x240_risoul-hebergement-portet-salle-de-bains-10945.jpg"},"160x120":{"url":"https:\/\/www.risoul.com\/medias\/images\/prestations\/multitailles\/160x120_risoul-hebergement-portet-salle-de-bains-10945.jpg"},"origine":{"url":"https:\/\/www.risoul.com\/medias\/images\/prestations\/risoul-hebergement-portet-salle-de-bains-10945.jpg"}},"urlLien":"","typeLien":"","nofollow":"N","copyright":""},{"url":"https:\/\/www.risoul.com\/medias\/images\/prestations\/risoul-hebergement-portet-oree-du-bois-ete-10946.jpg","chemin":"..\/medias\/images\/prestations\/risoul-hebergement-portet-oree-du-bois-ete-10946.jpg","libelle":"risoul-hebergement-portet-oree-du-bois-ete-10946","extension":"jpg","categorie":"","largeur":500,"theme":"","hauteur":375,"type":"Image","origine":"","liaisonPave":"","langue":"","id":"10946","urlVignette":"https:\/\/www.risoul.com\/medias\/images\/prestations\/v-risoul-hebergement-portet-oree-du-bois-ete-10946.jpg","alt":"risoul-hebergement-portet-oree-du-bois-ete-10946","title":"risoul-hebergement-portet-oree-du-bois-ete-10946","MultiTaille":{"1920x1440":{"url":"https:\/\/www.risoul.com\/medias\/images\/prestations\/multitailles\/1920x1440_risoul-hebergement-portet-oree-du-bois-ete-10946.jpg"},"1200x900":{"url":"https:\/\/www.risoul.com\/medias\/images\/prestations\/multitailles\/1200x900_risoul-hebergement-portet-oree-du-bois-ete-10946.jpg"},"800x600":{"url":"https:\/\/www.risoul.com\/medias\/images\/prestations\/multitailles\/800x600_risoul-hebergement-portet-oree-du-bois-ete-10946.jpg"},"640x480":{"url":"https:\/\/www.risoul.com\/medias\/images\/prestations\/multitailles\/640x480_risoul-hebergement-portet-oree-du-bois-ete-10946.jpg"},"320x240":{"url":"https:\/\/www.risoul.com\/medias\/images\/prestations\/multitailles\/320x240_risoul-hebergement-portet-oree-du-bois-ete-10946.jpg"},"160x120":{"url":"https:\/\/www.risoul.com\/medias\/images\/prestations\/multitailles\/160x120_risoul-hebergement-portet-oree-du-bois-ete-10946.jpg"},"origine":{"url":"https:\/\/www.risoul.com\/medias\/images\/prestations\/risoul-hebergement-portet-oree-du-bois-ete-10946.jpg"}},"urlLien":"","typeLien":"","nofollow":"N","copyright":""},{"url":"https:\/\/www.risoul.com\/medias\/images\/prestations\/risoul-hebergement-portet-sejour2-10947.jpg","chemin":"..\/medias\/images\/prestations\/risoul-hebergement-portet-sejour2-10947.jpg","libelle":"risoul-hebergement-portet-sejour2-10947","extension":"jpg","categorie":"","largeur":500,"theme":"","hauteur":375,"type":"Image","origine":"","liaisonPave":"","langue":"","id":"10947","urlVignette":"https:\/\/www.risoul.com\/medias\/images\/prestations\/v-risoul-hebergement-portet-sejour2-10947.jpg","alt":"risoul-hebergement-portet-sejour2-10947","title":"risoul-hebergement-portet-sejour2-10947","MultiTaille":{"1920x1440":{"url":"https:\/\/www.risoul.com\/medias\/images\/prestations\/multitailles\/1920x1440_risoul-hebergement-portet-sejour2-10947.jpg"},"1200x900":{"url":"https:\/\/www.risoul.com\/medias\/images\/prestations\/multitailles\/1200x900_risoul-hebergement-portet-sejour2-10947.jpg"},"800x600":{"url":"https:\/\/www.risoul.com\/medias\/images\/prestations\/multitailles\/800x600_risoul-hebergement-portet-sejour2-10947.jpg"},"640x480":{"url":"https:\/\/www.risoul.com\/medias\/images\/prestations\/multitailles\/640x480_risoul-hebergement-portet-sejour2-10947.jpg"},"320x240":{"url":"https:\/\/www.risoul.com\/medias\/images\/prestations\/multitailles\/320x240_risoul-hebergement-portet-sejour2-10947.jpg"},"160x120":{"url":"https:\/\/www.risoul.com\/medias\/images\/prestations\/multitailles\/160x120_risoul-hebergement-portet-sejour2-10947.jpg"},"origine":{"url":"https:\/\/www.risoul.com\/medias\/images\/prestations\/risoul-hebergement-portet-sejour2-10947.jpg"}},"urlLien":"","typeLien":"","nofollow":"N","copyright":""},{"url":"https:\/\/www.risoul.com\/medias\/images\/prestations\/risoul-hebergement-portet-sejour-10948.jpg","chemin":"..\/medias\/images\/prestations\/risoul-hebergement-portet-sejour-10948.jpg","libelle":"risoul-hebergement-portet-sejour-10948","extension":"jpg","categorie":"","largeur":500,"theme":"","hauteur":375,"type":"Image","origine":"","liaisonPave":"","langue":"","id":"10948","urlVignette":"https:\/\/www.risoul.com\/medias\/images\/prestations\/v-risoul-hebergement-portet-sejour-10948.jpg","alt":"risoul-hebergement-portet-sejour-10948","title":"risoul-hebergement-portet-sejour-10948","MultiTaille":{"1920x1440":{"url":"https:\/\/www.risoul.com\/medias\/images\/prestations\/multitailles\/1920x1440_risoul-hebergement-portet-sejour-10948.jpg"},"1200x900":{"url":"https:\/\/www.risoul.com\/medias\/images\/prestations\/multitailles\/1200x900_risoul-hebergement-portet-sejour-10948.jpg"},"800x600":{"url":"https:\/\/www.risoul.com\/medias\/images\/prestations\/multitailles\/800x600_risoul-hebergement-portet-sejour-10948.jpg"},"640x480":{"url":"https:\/\/www.risoul.com\/medias\/images\/prestations\/multitailles\/640x480_risoul-hebergement-portet-sejour-10948.jpg"},"320x240":{"url":"https:\/\/www.risoul.com\/medias\/images\/prestations\/multitailles\/320x240_risoul-hebergement-portet-sejour-10948.jpg"},"160x120":{"url":"https:\/\/www.risoul.com\/medias\/images\/prestations\/multitailles\/160x120_risoul-hebergement-portet-sejour-10948.jpg"},"origine":{"url":"https:\/\/www.risoul.com\/medias\/images\/prestations\/risoul-hebergement-portet-sejour-10948.jpg"}},"urlLien":"","typeLien":"","nofollow":"N","copyright":""},{"url":"https:\/\/www.risoul.com\/medias\/images\/prestations\/risoul-hebergement-meuble-portet-oree-du-bois-mezzanine-11789.jpg","chemin":"..\/medias\/images\/prestations\/risoul-hebergement-meuble-portet-oree-du-bois-mezzanine-11789.jpg","libelle":"risoul-hebergement-meuble-portet-oree-du-bois-mezzanine-11789","extension":"jpg","categorie":"","largeur":500,"theme":"","hauteur":375,"type":"Image","origine":"","liaisonPave":"","langue":"","id":"11789","urlVignette":"https:\/\/www.risoul.com\/medias\/images\/prestations\/v-risoul-hebergement-meuble-portet-oree-du-bois-mezzanine-11789.jpg","alt":"risoul-hebergement-meuble-portet-oree-du-bois-mezzanine-11789","title":"risoul-hebergement-meuble-portet-oree-du-bois-mezzanine-11789","MultiTaille":{"1920x1440":{"url":"https:\/\/www.risoul.com\/medias\/images\/prestations\/multitailles\/1920x1440_risoul-hebergement-meuble-portet-oree-du-bois-mezzanine-11789.jpg"},"1200x900":{"url":"https:\/\/www.risoul.com\/medias\/images\/prestations\/multitailles\/1200x900_risoul-hebergement-meuble-portet-oree-du-bois-mezzanine-11789.jpg"},"800x600":{"url":"https:\/\/www.risoul.com\/medias\/images\/prestations\/multitailles\/800x600_risoul-hebergement-meuble-portet-oree-du-bois-mezzanine-11789.jpg"},"640x480":{"url":"https:\/\/www.risoul.com\/medias\/images\/prestations\/multitailles\/640x480_risoul-hebergement-meuble-portet-oree-du-bois-mezzanine-11789.jpg"},"320x240":{"url":"https:\/\/www.risoul.com\/medias\/images\/prestations\/multitailles\/320x240_risoul-hebergement-meuble-portet-oree-du-bois-mezzanine-11789.jpg"},"160x120":{"url":"https:\/\/www.risoul.com\/medias\/images\/prestations\/multitailles\/160x120_risoul-hebergement-meuble-portet-oree-du-bois-mezzanine-11789.jpg"},"origine":{"url":"https:\/\/www.risoul.com\/medias\/images\/prestations\/risoul-hebergement-meuble-portet-oree-du-bois-mezzanine-11789.jpg"}},"urlLien":"","typeLien":"","nofollow":"N","copyright":""}]}},"DateDebPublication":"","DateFinPublication":"","PrixAPartirDe":"","PrixPour":"","FicheListeEnCours":"fiche_liste_immobilier_agen_loueur_resid_prestation_INFO_v3","ParametresModele":{"AfficherPhotos":"1","NbPhotosMax":6,"AfficherReserver":0,"AfficherContact":"1","AfficherSalle":1,"AfficherZoneGeo":0,"AfficherEnSavoirPlus":"1","AfficherUneSeuleOuverture":0,"AfficherContactCarte":"0","AfficherTarifsChaudAPartirDe":0,"AfficherTarifChaudSansRecherche":0,"AfficherDispoAccordeon":"1","AfficherDispoResa":"1","BlocCritereInfo":{"critere1":{"libelle":"","liste_critere":["GCLASS|G"]},"critere2":{"libelle":"","liste_critere":["GDISCE|PIEPIS|G","GDISCE|SKIPIE|G","GDISCE|CENTRESTATION|G","GDISCE|G1ISAL|G","GDISCE|KMPIST|G","GDISCE|MFRONTDENEIGE|G"]},"critere3":{"libelle":""},"critere4":{"libelle":"","liste_critere":["GSUPER|G","GTYPAP|G"]},"critere5":{"libelle":"","liste_critere":["EQUIPEMENTS|PISCINE|G","EQUIPEMENTS|EXPOSITIONSUD|G","EQUIPEMENTS|ANIMAUX|G","EQUIPEMENTS|LAVEVAISSELLE|G","EQUIPEMENTS|LINGE|G","EQUIPEMENTS|WIFI|G","EQUIPEMENTS|NONFUMEUR|G","EQUIPEMENTS|PARKING|G","EQUIPEMENTS|POELECHEMINE|G","EQUIPEMENTS|BBQ|G"]},"critere6":{"libelle":"","liste_critere":["ZONEGEO|G","GSUPER|G","GTYPAP|G","GTYPRE|G"]},"critere7":{"libelle":""},"critere8":{"libelle":""},"critere9":{"libelle":""},"afficherpictoetpaslibelle":"1"},"BlocPaveInfo":{"texte1":{"pave":["2"],"longeurmax":"150","afficherLibelle":"0","garderHtml":"0","boutonVoirPlus":""},"texte3":{"longeurmax":"","afficherLibelle":"0","garderHtml":"0","boutonVoirPlus":""}},"Criteres":"GRESA[GLISTH","CriteresComportementResa":"RESADISPO[RESERVATION","PositionBloc":"GALLERIE|PICTOSOUSPHOTOS|NOM|ZONEPRINCIPALFICHEPRESTA|CRITERESORDONNEES|CARNET_VOYAGE|DISPO|LIEN_RESERVER_DETAIL","TypePrestataire":"G","TypeSlider":"SWIPER","ComportementResa":false,"ComportementDispo":false},"AffichageCoordonnees":[],"Coordonnees":{"Ville":"RISOUL"},"ContexteId":"PRESTATION|G|PORTET|PORTET","ContexteIdHtml":"PRESTATION-G-PORTET-PORTET","cleContexte":"G|PORTET|PORTET","Bloc":{"texte1":"","texte3":"","critere1":{"libelle":"","contenu":[]},"critere2":{"libelle":"","contenu":{"GDISCE":{"libelle":"Distanza","contenu":{"2":"inizio delle piste","6":"\u003Cspan class=\"quantite\"\u003E100\u003C\/span\u003E \u003Cspan class=\"libelle\"\u003Em dalle piste\u003C\/span\u003E"},"codesValeurs":{"2":"GDISCE|SKIPIE|G","6":"GDISCE|G1ISAL|G"},"criteres_datas":{"valeurs":{"2":{"SKIPIE":{"descriptif":""}},"6":{"G1ISAL":{"descriptif":""}}}}}}},"critere3":{"libelle":"","contenu":[]},"critere4":{"libelle":"","contenu":{"GTYPAP":{"libelle":"Typo di allogio","contenu":{"9":"2 stanze","14":"Alloggio Non Fumatori \t"},"codesValeurs":{"9":"GTYPAP|G2PIEC|G","14":"GTYPAP|NONFUM|G"},"criteres_datas":{"valeurs":{"9":{"G2PIEC":{"descriptif":""}},"14":{"NONFUM":{"descriptif":""}}}}},"GSUPER":{"libelle":"Superficie","contenu":{"1":"\u003Cspan class=\"quantite\"\u003E40\u003C\/span\u003E \u003Cspan class=\"libelle\"\u003Em2\u003C\/span\u003E"},"codesValeurs":{"1":"GSUPER|GSUPTO|G"},"criteres_datas":{"valeurs":{"1":{"GSUPTO":{"descriptif":""}}}}}}},"critere5":{"libelle":"","contenu":{"EQUIPEMENTS":{"libelle":"","contenu":{"3":"\u003Cimg src=\"https:\/\/www.risoul.com\/medias\/images\/picto\/EQUIPEMENTS-EXPOSITIONSUD-G.png\"  alt=\"Exposition Sud\" title=\"Exposition Sud\" \/\u003E","5":"\u003Cimg src=\"https:\/\/www.risoul.com\/medias\/images\/picto\/EQUIPEMENTS-LAVEVAISSELLE-G.png\"  alt=\"Lave Vaisselle\" title=\"Lave Vaisselle\" \/\u003E","8":"\u003Cimg src=\"https:\/\/www.risoul.com\/medias\/images\/picto\/EQUIPEMENTS-NONFUMEUR-G.png\"  alt=\"Non fumeur\" title=\"Non fumeur\" \/\u003E"},"codesValeurs":{"3":"EQUIPEMENTS|EXPOSITIONSUD|G","5":"EQUIPEMENTS|LAVEVAISSELLE|G","8":"EQUIPEMENTS|NONFUMEUR|G"},"criteres_datas":{"valeurs":{"3":{"EXPOSITIONSUD":{"descriptif":""}},"5":{"LAVEVAISSELLE":{"descriptif":""}},"8":{"NONFUMEUR":{"descriptif":""}}}}}}},"critere6":{"libelle":"","contenu":{"GTYPRE":{"libelle":"Tipo di alloggio","contenu":{"1":"Appartamento nel residence"},"codesValeurs":{"1":"GTYPRE|GAPPTR|G"},"criteres_datas":{"valeurs":{"1":{"GAPPTR":{"descriptif":""}}}}},"GTYPAP":{"libelle":"Typo di allogio","contenu":{"9":"2 stanze","14":"Alloggio Non Fumatori \t"},"codesValeurs":{"9":"GTYPAP|G2PIEC|G","14":"GTYPAP|NONFUM|G"},"criteres_datas":{"valeurs":{"9":{"G2PIEC":{"descriptif":""}},"14":{"NONFUM":{"descriptif":""}}}}},"GSUPER":{"libelle":"Superficie","contenu":{"1":"\u003Cspan class=\"quantite\"\u003E40\u003C\/span\u003E \u003Cspan class=\"libelle\"\u003Em2\u003C\/span\u003E"},"codesValeurs":{"1":"GSUPER|GSUPTO|G"},"criteres_datas":{"valeurs":{"1":{"GSUPTO":{"descriptif":""}}}}},"ZONEGEO":{"libelle":"Posizione","contenu":{"1":"Stazione di Risoul"},"codesValeurs":{"1":"ZONEGEO|FRPAHARISTATT|G"},"criteres_datas":{"valeurs":{"1":{"FRPAHARISTATT":{"descriptif":""}}}}}}},"critere7":{"libelle":"","contenu":[]},"critere8":{"libelle":"","contenu":[]},"critere9":{"libelle":"","contenu":[]}},"LocalisationGps":{"Latitude":"44.62171","Longitude":"6.63753"},"libelleDuPrestataire":"","vuePrestataire":{"pave1":{"libelle":"","contenu":""},"pave2":{"libelle":"","contenu":""},"pave3":{"libelle":"","contenu":""},"pave4":{"libelle":"","contenu":""},"pave5":{"libelle":"","contenu":""},"pave6":{"libelle":"","contenu":""},"pave7":{"libelle":"","contenu":""},"pave8":{"libelle":"","contenu":""},"pave9":{"libelle":"","contenu":""},"pave10":{"libelle":"","contenu":""},"pave11":{"libelle":"","contenu":""},"pave12":{"libelle":"","contenu":""},"pave13":{"libelle":"","contenu":""},"pave14":{"libelle":"","contenu":""},"pave15":{"libelle":"","contenu":""},"pave16":{"libelle":"","contenu":""},"pave17":{"libelle":"","contenu":""},"pave18":{"libelle":"","contenu":""},"pave19":{"libelle":"","contenu":""},"pave20":{"libelle":"","contenu":""},"pave21":{"libelle":"","contenu":""},"pave22":{"libelle":"","contenu":""},"pave23":{"libelle":"","contenu":""},"pave24":{"libelle":"","contenu":""},"pave25":{"libelle":"","contenu":""},"Libelle":"M PORTET HUBERT","Nom":"PORTET","Prenom":"HUBERT","NomPrenom":"PORTET HUBERT ","CiviliteNomPrenom":"M PORTET HUBERT ","Cle":"G|PORTET","PrestataireParent":"","ContexteStat":"PRESTATAIRE-G-PORTET","DateModificationIso":"2023-02-27T11:25:00+01:00","CiviliteLibelleNomPrenom":"Monsieur PORTET HUBERT ","Type":"PRESTATAIRE","TypePrestataire":"G","Adresse":{"LigneAdresse1":"9 Vallon de la Violette","LigneAdresse2":"","LigneAdresse3":"","CodePostal":"13820","Ville":"ENSUES LA REDONNE","Cedex":"","Etat":"","Pays":"FRA"},"Email":"hubert.portet@wanadoo.fr","Telephone":"04 42 45 97 11","TelephoneBureau":"","Portable":"06 12 05 89 73","SiteWeb":"","Fax":"","Id":"g-portet","Code":"G|PORTET","Fichier":[],"Url":"","Localisation":{"GoogleMap":{"Latitude":"","Longitude":""}},"ZoneGeo":"","Criteres":{"ITYPE[IPARTI":""},"DateFinPublication":"","AffichageCoordonnees":[]},"listeCriteres":{"GRESA":{"GLISTH":""},"GTYPRE":{"GAPPTR":""},"GTYPAP":{"G2PIEC":"","NONFUM":""},"ENREGISTRMENT":{"NUMERENREGISTREMENT":"05119 0000160 H7"},"GSUPER":{"GSUPTO":"40"},"GRESID":{"OREE":""},"ETAGE":{"9ETAGE":""},"GASCEN":{"GASCEN":""},"GBALCO":{"GBALCO":""},"GEXPOS":{"GEXSUD":"","VUEPISTES":""},"ZONEGEO":{"FRPAHARISTATT":""},"GDISCE":{"SKIPIE":"","G1ISAL":"100","GESF":"100","GSHOP":"200","CRECHEDISTANCE":"100","PROGAR":"300","G4ISAH":"300","QUTRA":""},"GCUISI":{"GCOINC":""},"GEQUCU":{"GQRIGA":"","GEQVIT":"","GEQCOM":"","GQAVEV":"","GFOURO":"","MACHINECAFE":"","BOUILLOIRE":"","GRILLEPAIN":"","FREEZER":"","MIXEURBLENDER":""},"GSEJOU":{"MOQUETTE":"","CLICCLAC":"140 cm"},"GCOINM":{"G2LSUP":"1x90"},"GCHAM1":{"GC1122":"1x140","GCH1MO":""},"GCHAM2":{"TIROIR":"gigogne 1x90"},"GMEZZA":{"GM1L2P":"140 cm","CLICCLAC":"140 cm"},"GSDB1":{"G1BWCI":"1","GSBBDW":""},"GWC":{"GWCIND":"1"},"GEQSAN":{"LAVELINGESECHANT":"","SECHECHEVEUX":""},"GEQLOI":{"TVPLAT":"1","DVDUSB":"","G2QLCS":""},"GNOTE1":{"DRAPNF":"","RACLETTE":"","APPAREILFONDU":"","TABLEFER":"","JEUX":""},"GANIMA":{"GANIMR":""},"GMENA":{"GMENEF":""},"PRIXTC":{"FEVENFANT":""},"VAC":{"WVAC":"","WLOCVAC":""},"GPIECES":{"2PIECES":""},"EQUIPEMENTS":{"EXPOSITIONSUD":"","LAVEVAISSELLE":"","NONFUMEUR":""},"DISTANCEPISTES":{"SKIAUXPIEDS":""},"EQUIEMENTSPLUS":{"RADIATIEURS":"install\u00e9s en 2016","VERRESVIN":"","FLUTES":"","VITRAGE":"en 2017"},"LITERIE":{"MATELAS":"S\u00e9jour & coin nuit : chang\u00e9s entre 5 et 10 ans. Mezzanine : chang\u00e9s il y a moins de 5 ans."},"GORDRE":{"RISOULNOCLASSE":""},"ITYPE":{"IPARTI":""}},"dansCarnetVoyage":true,"Ouverture":""},"html":" \n \u003Cdiv id=\"CV-PRESTATION-G-PORTET-PORTET\" data-contexte-id=\"PRESTATION|G|PORTET|PORTET\" data-cle=\"G|PORTET|PORTET\" class=\"fiche-liste\"\u003E\n    \n\n    \u003C!-- partie photo --\u003E\n    \u003Cdiv class=\"photo\"\u003E\t\t\t\t\t\t\t\t\t\t\t\t\t\t\t\t\t\t\t\t\t\n        \u003Cdiv class=\"cadre_photo_principale\"\u003E\t\t\n        \n            \t\t\t\t\t\n                    \u003Ca href=\"apartamento-6-persone-oree-du-bois-922-b-risoul.html?origine=carnet#media\"\u003E\n                        \u003Cimg class=\"photo_principale\" alt=\"risoul-hebergement-portet-balcon-10941\" src=\"https:\/\/www.risoul.com\/medias\/images\/prestations\/multitailles\/320x240_risoul-hebergement-portet-balcon-10941.jpg\" itemprop=\"image\"\u003E\n                    \u003C\/a\u003E\t\t\t\t\t\t\n                \n                    \u003C\/div\u003E\t\t\t\t\t\t\t\t\t\t\t\t\t\t\t\t\t\t\t \t\t\n    \u003C\/div\u003E\n    \n    \u003C!-- partie nom prest --\u003E\n    \u003Cdiv class=\"nom\"\u003E\n        \u003Ch2\u003EApartamento 6 persone Or\u00e9e du Bois 922 B\u003C\/h2\u003E\n        \n            \u003C\/div\u003E\n\n         \n    \u003C!-- partie adresse --\u003E\n    \u003Cdiv class=\"adresse\"\u003E\n    \n          \n    \u003C\/div\u003E\n    \n    \u003C!-- partie liens --\u003E\n    \u003Cdiv class=\"liens\"\u003E\n            \u003Ca class=\"btn-icon btn-view \" title=\"Vedi il file dettagliato\" href=\"apartamento-6-persone-oree-du-bois-922-b-risoul.html?origine=carnet\"\u003E\u003C\/a\u003E\u003C!--\u003Ca class=\"btn-icon btn-view \" title=\"\" href=\"?origine=carnet#thaut\"\u003E\u003C\/a\u003E--\u003E\n      \u003Ca class=\"btn-icon btn-trash carnet_voyage_supprimer\" title=\"Elimina questo file dal mio diario di viaggio\" href=\"carnet-voyage?action=remove&fiche=G|PORTET|PORTET\"\u003E\u003C\/a\u003E\n    \u003C\/div\u003E\n\n\u003C\/div\u003E\n\n","icon":"https:\/\/static.ingenie.fr\/images\/carnetVoyageV3\/G.png"},"fiche":"G|PORTET|PORTET","popup":"\u003Cdiv id=\"bloc_popup_ajout_fiche_carnet\"\u003E\n    \u003Cdiv class=\"info_popup_ajout_fiche_carnet\"\u003E\n        Hai appena aggiunto questo articolo al tuo diario di viaggio:    \u003C\/div\u003E\n    \u003Cdiv class=\"prest_popup_ajout_fiche_carnet\"\u003E\n        Apartamento 6 persone Or&eacute;e du Bois 922 B    \u003C\/div\u003E\n    \u003Cdiv class=\"bloc_btn_ajout_fiche_carnet form_submit_div\"\u003E\n        \u003Cinput type=\"button\" value=\"Continua la mia selezione\" title=\"Continua la mia selezione\" name=\"btn_close\" class=\"btn_close_popup_carnet form_submit\" onclick=\"$.colorbox.close()\" \/\u003E\n        \u003Cinput type=\"button\" value=\"Vedi il mio diario di viaggio\" title=\"Vedi il mio taccuino\" name=\"btn_panier\" class=\"btn_panier_popup_carnet form_submit\" onclick=\"if(typeof CarnetVoyage != 'undefined') {CarnetVoyage.voirCarnet();}\" \/\u003E\n    \u003C\/div\u003E\n    \u003Cdiv class=\"bloc_btn_ajout_fiche_carnet\"\u003E\n        \u003Cinput type=\"checkbox\" value=\"1\" name=\"desactiver_popup\" id=\"desactiver_popup\" \/\u003E\n        \u003Clabel for=\"desactiver_popup\"\u003ENon visualizzare pi\u00f9 questo messaggio\u003C\/label\u003E\n    \u003C\/div\u003E\n\u003C\/div\u003E","success":1}